{"id":389,"date":"2021-05-18T09:02:17","date_gmt":"2021-05-18T07:02:17","guid":{"rendered":"https:\/\/egarclima.com\/sobre-nosotros\/"},"modified":"2021-05-18T18:30:05","modified_gmt":"2021-05-18T16:30:05","slug":"sobre-nosaltres","status":"publish","type":"page","link":"https:\/\/egarclima.com\/ca\/sobre-nosaltres\/","title":{"rendered":"Sobre nosaltres"},"content":{"rendered":"\n<style type=\"text\/css\" data-created_by=\"avia_inline_auto\" id=\"style-css-av-av_heading-031077d266e8be1adddfa6d96fabc71e\">\n#top .av-special-heading.av-av_heading-031077d266e8be1adddfa6d96fabc71e{\npadding-bottom:10px;\n}\nbody .av-special-heading.av-av_heading-031077d266e8be1adddfa6d96fabc71e .av-special-heading-tag .heading-char{\nfont-size:25px;\n}\n.av-special-heading.av-av_heading-031077d266e8be1adddfa6d96fabc71e .av-subheading{\nfont-size:15px;\n}\n<\/style>\n<div  class='av-special-heading av-av_heading-031077d266e8be1adddfa6d96fabc71e av-special-heading-h1  avia-builder-el-0  el_before_av_section  avia-builder-el-no-sibling '><h1 class='av-special-heading-tag'  itemprop=\"headline\"  >Sobre Egarclima<\/h1><div class=\"special-heading-border\"><div class=\"special-heading-inner-border\"><\/div><\/div><\/div>\n<\/div><\/div><\/div><!-- close content main div --><\/div><\/div>\n<style type=\"text\/css\" data-created_by=\"avia_inline_auto\" id=\"style-css-av-kotum2zy-5f2b8e64e8219288729e3dead9381212\">\n.avia-section.av-kotum2zy-5f2b8e64e8219288729e3dead9381212{\nbackground-color:#f4f4f4;\nbackground-image:unset;\n}\n<\/style>\n<div id='av_section_1'  class='avia-section av-kotum2zy-5f2b8e64e8219288729e3dead9381212 main_color avia-section-default avia-no-border-styling  avia-builder-el-1  el_after_av_heading  el_before_av_two_third  avia-bg-style-scroll container_wrap sidebar_right'  ><div class='container av-section-cont-open' ><div class='template-page content  av-content-small alpha units'><div class='post-entry post-entry-type-page post-entry-389'><div class='entry-content-wrapper clearfix'>\n\n<style type=\"text\/css\" data-created_by=\"avia_inline_auto\" id=\"style-css-av-2t982-8b20ec48559e2b8738c4be00a5f49d35\">\n.flex_column.av-2t982-8b20ec48559e2b8738c4be00a5f49d35{\n-webkit-border-radius:0px 0px 0px 0px;\n-moz-border-radius:0px 0px 0px 0px;\nborder-radius:0px 0px 0px 0px;\npadding:0px 0px 0px 0px;\n}\n<\/style>\n<div  class='flex_column av-2t982-8b20ec48559e2b8738c4be00a5f49d35 av_one_half  avia-builder-el-2  el_before_av_one_half  avia-builder-el-first  first flex_column_div av-zero-column-padding  '     ><section  class='av_textblock_section av-kotpm59g-2a3726292d1433c967049f79bf917ee8 '   itemscope=\"itemscope\" itemtype=\"https:\/\/schema.org\/CreativeWork\" ><div class='avia_textblock'  itemprop=\"text\" ><p><b>Egarclima<\/b> amb m\u00e9s de 40 anys d&#8217;experi\u00e8ncia, ha anat evolucionant fins a poder donar a dia d&#8217;avui, un excel\u00b7lent servei en tots els \u00e0mbits de climatitzaci\u00f3, refrigeraci\u00f3 i ventilaci\u00f3. Duent a terme projectes, instal\u00b7lacions, manteniment i legalitzacions. Tot aix\u00f2, enfocat a aconseguir el m\u00e0xim estalvi energ\u00e8tic, qualitat i durabilitat de les instal\u00b7lacions.<\/p>\n<p><b>El nostre objectiu <\/b>\u00e9s oferir un servei global, permetent al client rendibilitzar al m\u00e0xim les seves instal\u00b7lacions.<\/p>\n<p><b>La nostra filosofia<\/b> consisteix en una resposta r\u00e0pida i precisa a les necessitats de la seva empresa, aix\u00f2 \u00e9s possible gr\u00e0cies a no necessitar de tercers per dur a terme la nostra comesa, agilitant aquest proc\u00e9s.<\/p>\n<\/div><\/section><\/div>\n<style type=\"text\/css\" data-created_by=\"avia_inline_auto\" id=\"style-css-av-isj3m-c72bdf029413061c54517cf48ecc7123\">\n.flex_column.av-isj3m-c72bdf029413061c54517cf48ecc7123{\n-webkit-border-radius:0px 0px 0px 0px;\n-moz-border-radius:0px 0px 0px 0px;\nborder-radius:0px 0px 0px 0px;\npadding:0px 0px 0px 0px;\n}\n<\/style>\n<div  class='flex_column av-isj3m-c72bdf029413061c54517cf48ecc7123 av_one_half  avia-builder-el-4  el_after_av_one_half  avia-builder-el-last  flex_column_div av-zero-column-padding  '     ><style type=\"text\/css\" data-created_by=\"avia_inline_auto\" id=\"style-css-av-kotukpb1-2072c37cae414b21a6aff03d0d83c044\">\n.avia-image-container.av-kotukpb1-2072c37cae414b21a6aff03d0d83c044 img.avia_image{\nbox-shadow:none;\n}\n.avia-image-container.av-kotukpb1-2072c37cae414b21a6aff03d0d83c044 .av-image-caption-overlay-center{\ncolor:#ffffff;\n}\n<\/style>\n<div  class='avia-image-container av-kotukpb1-2072c37cae414b21a6aff03d0d83c044 av-styling- avia-align-center  avia-builder-el-5  avia-builder-el-no-sibling '   itemprop=\"image\" itemscope=\"itemscope\" itemtype=\"https:\/\/schema.org\/ImageObject\" ><div class=\"avia-image-container-inner\"><div class=\"avia-image-overlay-wrap\"><img decoding=\"async\" class='wp-image-432 avia-img-lazy-loading-not-432 avia_image ' src=\"https:\/\/egarclima.com\/wp-content\/uploads\/2021\/05\/instalacion_151906514-845x650.jpg\" alt='' title=''  height=\"650\" width=\"845\"  itemprop=\"thumbnailUrl\"  \/><\/div><\/div><\/div><\/div><\/div><\/div><\/div><!-- close content main div --><\/div><\/div><div id='after_section_1'  class='main_color av_default_container_wrap container_wrap sidebar_right'  ><div class='container av-section-cont-open' ><div class='template-page content  av-content-small alpha units'><div class='post-entry post-entry-type-page post-entry-389'><div class='entry-content-wrapper clearfix'>\n<style type=\"text\/css\" data-created_by=\"avia_inline_auto\" id=\"style-css-av-av_two_third-79ff81c021393065cee878051452f6a6\">\n.flex_column.av-av_two_third-79ff81c021393065cee878051452f6a6{\n-webkit-border-radius:0px 0px 0px 0px;\n-moz-border-radius:0px 0px 0px 0px;\nborder-radius:0px 0px 0px 0px;\npadding:0px 0px 0px 0px;\n}\n<\/style>\n<div  class='flex_column av-av_two_third-79ff81c021393065cee878051452f6a6 av_two_third  avia-builder-el-6  el_after_av_section  el_before_av_one_third  avia-builder-el-first  first flex_column_div av-zero-column-padding  '     ><section  class='av_textblock_section av-kotpmlez-ab2ecd27473c64db6592dd0f47b51340 '   itemscope=\"itemscope\" itemtype=\"https:\/\/schema.org\/CreativeWork\" ><div class='avia_textblock'  itemprop=\"text\" ><div class=\"call-to-action__text\">\n<div class=\"call-to-action__text\">\n<h4 class=\"call-to-action__title\">Necessites un professional que t&#8217;assessori sobre els nostres serveis?<\/h4>\n<p class=\"call-to-action__subtitle hidden-xs\">Contacta amb nosaltres i t&#8217;informarem sense comprom\u00eds.<\/p>\n<\/div>\n<\/div>\n<\/div><\/section><\/div><\/p>\n\n<style type=\"text\/css\" data-created_by=\"avia_inline_auto\" id=\"style-css-av-av_one_third-49f6e875884219cf77c24341e550af53\">\n.flex_column.av-av_one_third-49f6e875884219cf77c24341e550af53{\n-webkit-border-radius:0px 0px 0px 0px;\n-moz-border-radius:0px 0px 0px 0px;\nborder-radius:0px 0px 0px 0px;\npadding:0px 0px 0px 0px;\n}\n<\/style>\n<div  class='flex_column av-av_one_third-49f6e875884219cf77c24341e550af53 av_one_third  avia-builder-el-8  el_after_av_two_third  avia-builder-el-last  flex_column_div av-zero-column-padding  '     ><div  class='avia-button-wrap av-kotpn3wm-15bb0b28384935f800c154b859cb395a-wrap avia-button-center  avia-builder-el-9  avia-builder-el-no-sibling '><a href='https:\/\/egarclima.com\/ca\/contacte\/'  class='avia-button av-kotpn3wm-15bb0b28384935f800c154b859cb395a avia-icon_select-no avia-size-large avia-position-center avia-color-theme-color'  ><span class='avia_iconbox_title' >Contacta\u2019ns<\/span><\/a><\/div><\/div>\n","protected":false},"excerpt":{"rendered":"","protected":false},"author":1,"featured_media":0,"parent":0,"menu_order":100,"comment_status":"closed","ping_status":"closed","template":"","meta":[],"yoast_head":"<!-- This site is optimized with the Yoast SEO plugin v20.9 - https:\/\/yoast.com\/wordpress\/plugins\/seo\/ -->\n<title>Sobre nosaltres - EGARCLIMA<\/title>\n<meta name=\"description\" content=\"Egarclima amb m\u00e9s de 40 anys d&#039;experi\u00e8ncia, ha anat evolucionant fins a poder donar a dia d&#039;avui, un excel\u00b7lent servei en tots els \u00e0mbits de climatitzaci\u00f3, refrigeraci\u00f3 i ventilaci\u00f3.\" \/>\n<meta name=\"robots\" content=\"index, follow, max-snippet:-1, max-image-preview:large, max-video-preview:-1\" \/>\n<link rel=\"canonical\" href=\"https:\/\/egarclima.com\/ca\/sobre-nosaltres\/\" \/>\n<meta name=\"twitter:label1\" content=\"Temps estimat de lectura\" \/>\n\t<meta name=\"twitter:data1\" content=\"5 minuts\" \/>\n<script type=\"application\/ld+json\" class=\"yoast-schema-graph\">{\"@context\":\"https:\/\/schema.org\",\"@graph\":[{\"@type\":\"WebPage\",\"@id\":\"https:\/\/egarclima.com\/ca\/sobre-nosaltres\/\",\"url\":\"https:\/\/egarclima.com\/ca\/sobre-nosaltres\/\",\"name\":\"Sobre nosaltres - EGARCLIMA\",\"isPartOf\":{\"@id\":\"https:\/\/egarclima.com\/#website\"},\"datePublished\":\"2021-05-18T07:02:17+00:00\",\"dateModified\":\"2021-05-18T16:30:05+00:00\",\"description\":\"Egarclima amb m\u00e9s de 40 anys d'experi\u00e8ncia, ha anat evolucionant fins a poder donar a dia d'avui, un excel\u00b7lent servei en tots els \u00e0mbits de climatitzaci\u00f3, refrigeraci\u00f3 i ventilaci\u00f3.\",\"breadcrumb\":{\"@id\":\"https:\/\/egarclima.com\/ca\/sobre-nosaltres\/#breadcrumb\"},\"inLanguage\":\"ca\",\"potentialAction\":[{\"@type\":\"ReadAction\",\"target\":[\"https:\/\/egarclima.com\/ca\/sobre-nosaltres\/\"]}]},{\"@type\":\"BreadcrumbList\",\"@id\":\"https:\/\/egarclima.com\/ca\/sobre-nosaltres\/#breadcrumb\",\"itemListElement\":[{\"@type\":\"ListItem\",\"position\":1,\"name\":\"Portada\",\"item\":\"https:\/\/egarclima.com\/ca\/\"},{\"@type\":\"ListItem\",\"position\":2,\"name\":\"Sobre nosaltres\"}]},{\"@type\":\"WebSite\",\"@id\":\"https:\/\/egarclima.com\/#website\",\"url\":\"https:\/\/egarclima.com\/\",\"name\":\"EGARCLIMA\",\"description\":\"EGARCLIMA\",\"potentialAction\":[{\"@type\":\"SearchAction\",\"target\":{\"@type\":\"EntryPoint\",\"urlTemplate\":\"https:\/\/egarclima.com\/?s={search_term_string}\"},\"query-input\":\"required name=search_term_string\"}],\"inLanguage\":\"ca\"}]}<\/script>\n<!-- \/ Yoast SEO plugin. -->","yoast_head_json":{"title":"Sobre nosaltres - EGARCLIMA","description":"Egarclima amb m\u00e9s de 40 anys d'experi\u00e8ncia, ha anat evolucionant fins a poder donar a dia d'avui, un excel\u00b7lent servei en tots els \u00e0mbits de climatitzaci\u00f3, refrigeraci\u00f3 i ventilaci\u00f3.","robots":{"index":"index","follow":"follow","max-snippet":"max-snippet:-1","max-image-preview":"max-image-preview:large","max-video-preview":"max-video-preview:-1"},"canonical":"https:\/\/egarclima.com\/ca\/sobre-nosaltres\/","twitter_misc":{"Temps estimat de lectura":"5 minuts"},"schema":{"@context":"https:\/\/schema.org","@graph":[{"@type":"WebPage","@id":"https:\/\/egarclima.com\/ca\/sobre-nosaltres\/","url":"https:\/\/egarclima.com\/ca\/sobre-nosaltres\/","name":"Sobre nosaltres - EGARCLIMA","isPartOf":{"@id":"https:\/\/egarclima.com\/#website"},"datePublished":"2021-05-18T07:02:17+00:00","dateModified":"2021-05-18T16:30:05+00:00","description":"Egarclima amb m\u00e9s de 40 anys d'experi\u00e8ncia, ha anat evolucionant fins a poder donar a dia d'avui, un excel\u00b7lent servei en tots els \u00e0mbits de climatitzaci\u00f3, refrigeraci\u00f3 i ventilaci\u00f3.","breadcrumb":{"@id":"https:\/\/egarclima.com\/ca\/sobre-nosaltres\/#breadcrumb"},"inLanguage":"ca","potentialAction":[{"@type":"ReadAction","target":["https:\/\/egarclima.com\/ca\/sobre-nosaltres\/"]}]},{"@type":"BreadcrumbList","@id":"https:\/\/egarclima.com\/ca\/sobre-nosaltres\/#breadcrumb","itemListElement":[{"@type":"ListItem","position":1,"name":"Portada","item":"https:\/\/egarclima.com\/ca\/"},{"@type":"ListItem","position":2,"name":"Sobre nosaltres"}]},{"@type":"WebSite","@id":"https:\/\/egarclima.com\/#website","url":"https:\/\/egarclima.com\/","name":"EGARCLIMA","description":"EGARCLIMA","potentialAction":[{"@type":"SearchAction","target":{"@type":"EntryPoint","urlTemplate":"https:\/\/egarclima.com\/?s={search_term_string}"},"query-input":"required name=search_term_string"}],"inLanguage":"ca"}]}},"_links":{"self":[{"href":"https:\/\/egarclima.com\/ca\/wp-json\/wp\/v2\/pages\/389"}],"collection":[{"href":"https:\/\/egarclima.com\/ca\/wp-json\/wp\/v2\/pages"}],"about":[{"href":"https:\/\/egarclima.com\/ca\/wp-json\/wp\/v2\/types\/page"}],"author":[{"embeddable":true,"href":"https:\/\/egarclima.com\/ca\/wp-json\/wp\/v2\/users\/1"}],"replies":[{"embeddable":true,"href":"https:\/\/egarclima.com\/ca\/wp-json\/wp\/v2\/comments?post=389"}],"version-history":[{"count":3,"href":"https:\/\/egarclima.com\/ca\/wp-json\/wp\/v2\/pages\/389\/revisions"}],"predecessor-version":[{"id":512,"href":"https:\/\/egarclima.com\/ca\/wp-json\/wp\/v2\/pages\/389\/revisions\/512"}],"wp:attachment":[{"href":"https:\/\/egarclima.com\/ca\/wp-json\/wp\/v2\/media?parent=389"}],"curies":[{"name":"wp","href":"https:\/\/api.w.org\/{rel}","templated":true}]}}