{"id":386,"date":"2021-05-18T09:02:58","date_gmt":"2021-05-18T07:02:58","guid":{"rendered":"https:\/\/egarclima.com\/servicios\/"},"modified":"2021-05-19T11:24:37","modified_gmt":"2021-05-19T09:24:37","slug":"serveis","status":"publish","type":"page","link":"https:\/\/egarclima.com\/ca\/serveis\/","title":{"rendered":"Serveis"},"content":{"rendered":"\n<style type=\"text\/css\" data-created_by=\"avia_inline_auto\" id=\"style-css-av-av_one_third-79ff81c021393065cee878051452f6a6\">\n.flex_column.av-av_one_third-79ff81c021393065cee878051452f6a6{\n-webkit-border-radius:0px 0px 0px 0px;\n-moz-border-radius:0px 0px 0px 0px;\nborder-radius:0px 0px 0px 0px;\npadding:0px 0px 0px 0px;\n}\n<\/style>\n<div  class='flex_column av-av_one_third-79ff81c021393065cee878051452f6a6 av_one_third  avia-builder-el-0  el_before_av_one_third  avia-builder-el-first  first flex_column_div av-zero-column-padding  '     ><p>\n<style type=\"text\/css\" data-created_by=\"avia_inline_auto\" id=\"style-css-av-kotqozsh-d5641392d8adf53e7f194a9348b8eb25\">\n.avia-image-container.av-kotqozsh-d5641392d8adf53e7f194a9348b8eb25 img.avia_image{\nbox-shadow:none;\n}\n.avia-image-container.av-kotqozsh-d5641392d8adf53e7f194a9348b8eb25 .av-image-caption-overlay-center{\ncolor:#ffffff;\n}\n<\/style>\n<div  class='avia-image-container av-kotqozsh-d5641392d8adf53e7f194a9348b8eb25 av-styling- avia-align-center  avia-builder-el-1  el_before_av_heading  avia-builder-el-first '   itemprop=\"image\" itemscope=\"itemscope\" itemtype=\"https:\/\/schema.org\/ImageObject\" ><div class=\"avia-image-container-inner\"><div class=\"avia-image-overlay-wrap\"><a href=\"https:\/\/egarclima.com\/servicios\/climatizacion\/\" class='avia_image' ><img decoding=\"async\" class='wp-image-385 avia-img-lazy-loading-not-385 avia_image ' src=\"https:\/\/egarclima.com\/wp-content\/uploads\/2021\/05\/climatizacion1_114968686-495x400.jpg\" alt='' title=''  height=\"400\" width=\"495\"  itemprop=\"thumbnailUrl\"  \/><\/a><\/div><\/div><\/div><br \/>\n\n<style type=\"text\/css\" data-created_by=\"avia_inline_auto\" id=\"style-css-av-kou7hddi-9cbf407ecb935b200ae4a4d995ae5a42\">\n#top .av-special-heading.av-kou7hddi-9cbf407ecb935b200ae4a4d995ae5a42{\npadding-bottom:10px;\n}\nbody .av-special-heading.av-kou7hddi-9cbf407ecb935b200ae4a4d995ae5a42 .av-special-heading-tag .heading-char{\nfont-size:25px;\n}\n.av-special-heading.av-kou7hddi-9cbf407ecb935b200ae4a4d995ae5a42 .av-subheading{\nfont-size:15px;\n}\n<\/style>\n<div  class='av-special-heading av-kou7hddi-9cbf407ecb935b200ae4a4d995ae5a42 av-special-heading-h3 blockquote modern-quote modern-centered  avia-builder-el-2  el_after_av_image  el_before_av_textblock '><h3 class='av-special-heading-tag'  itemprop=\"headline\"  >Climatitzaci\u00f3<\/h3><div class=\"special-heading-border\"><div class=\"special-heading-inner-border\"><\/div><\/div><\/div><br \/>\n<section  class='av_textblock_section av-kotqpjmc-d4c0a439a5b33cc4659f83799071e13d '   itemscope=\"itemscope\" itemtype=\"https:\/\/schema.org\/CreativeWork\" ><div class='avia_textblock'  itemprop=\"text\" ><p style=\"text-align: center;\">Realitzem projectes i instal\u00b7lacions tant per a empreses com a particulars. Abastant hospitals, oficines, restaurants, gimnasos, etc&#8230;, sempre pensant en l&#8217;efici\u00e8ncia energ\u00e8tica, integraci\u00f3 i futur manteniment.<\/p>\n<\/div><\/section><\/p><\/div>\n\n<style type=\"text\/css\" data-created_by=\"avia_inline_auto\" id=\"style-css-av-av_one_third-49f6e875884219cf77c24341e550af53\">\n.flex_column.av-av_one_third-49f6e875884219cf77c24341e550af53{\n-webkit-border-radius:0px 0px 0px 0px;\n-moz-border-radius:0px 0px 0px 0px;\nborder-radius:0px 0px 0px 0px;\npadding:0px 0px 0px 0px;\n}\n<\/style>\n<div  class='flex_column av-av_one_third-49f6e875884219cf77c24341e550af53 av_one_third  avia-builder-el-4  el_after_av_one_third  el_before_av_one_third  flex_column_div av-zero-column-padding  '     ><p>\n<style type=\"text\/css\" data-created_by=\"avia_inline_auto\" id=\"style-css-av-kotqozsh-a42ba5121b5554703401179194cddc8d\">\n.avia-image-container.av-kotqozsh-a42ba5121b5554703401179194cddc8d img.avia_image{\nbox-shadow:none;\n}\n.avia-image-container.av-kotqozsh-a42ba5121b5554703401179194cddc8d .av-image-caption-overlay-center{\ncolor:#ffffff;\n}\n<\/style>\n<div  class='avia-image-container av-kotqozsh-a42ba5121b5554703401179194cddc8d av-styling- avia-align-center  avia-builder-el-5  el_before_av_heading  avia-builder-el-first '   itemprop=\"image\" itemscope=\"itemscope\" itemtype=\"https:\/\/schema.org\/ImageObject\" ><div class=\"avia-image-container-inner\"><div class=\"avia-image-overlay-wrap\"><a href=\"https:\/\/egarclima.com\/servicios\/ventilacion\/\" class='avia_image' ><img decoding=\"async\" class='wp-image-383 avia-img-lazy-loading-not-383 avia_image ' src=\"https:\/\/egarclima.com\/wp-content\/uploads\/2021\/05\/ventilacion1_359029694-495x400.jpg\" alt='' title='ventilacion1_359029694'  height=\"400\" width=\"495\"  itemprop=\"thumbnailUrl\"  \/><\/a><\/div><\/div><\/div><br \/>\n\n<style type=\"text\/css\" data-created_by=\"avia_inline_auto\" id=\"style-css-av-kou7hnvt-33698aa548bd2c3391af060beae491b1\">\n#top .av-special-heading.av-kou7hnvt-33698aa548bd2c3391af060beae491b1{\npadding-bottom:10px;\n}\nbody .av-special-heading.av-kou7hnvt-33698aa548bd2c3391af060beae491b1 .av-special-heading-tag .heading-char{\nfont-size:25px;\n}\n.av-special-heading.av-kou7hnvt-33698aa548bd2c3391af060beae491b1 .av-subheading{\nfont-size:15px;\n}\n<\/style>\n<div  class='av-special-heading av-kou7hnvt-33698aa548bd2c3391af060beae491b1 av-special-heading-h3 blockquote modern-quote modern-centered  avia-builder-el-6  el_after_av_image  el_before_av_textblock '><h3 class='av-special-heading-tag'  itemprop=\"headline\"  >Ventilaci\u00f3<\/h3><div class=\"special-heading-border\"><div class=\"special-heading-inner-border\"><\/div><\/div><\/div><br \/>\n<section  class='av_textblock_section av-kotqpjmc-d4c0a439a5b33cc4659f83799071e13d '   itemscope=\"itemscope\" itemtype=\"https:\/\/schema.org\/CreativeWork\" ><div class='avia_textblock'  itemprop=\"text\" ><p style=\"text-align: center;\">Realitzem qualsevol instal\u00b7laci\u00f3 de ventilaci\u00f3. Des d&#8217;oficines, habitatges, naus industrials, p\u00e0rquings, fins a extracci\u00f3 de sales qu\u00edmiques. Tot aix\u00f2, complint sempre amb la normativa vigent.<\/p>\n<\/div><\/section><\/p><\/div>\n\n<style type=\"text\/css\" data-created_by=\"avia_inline_auto\" id=\"style-css-av-av_one_third-49f6e875884219cf77c24341e550af53\">\n.flex_column.av-av_one_third-49f6e875884219cf77c24341e550af53{\n-webkit-border-radius:0px 0px 0px 0px;\n-moz-border-radius:0px 0px 0px 0px;\nborder-radius:0px 0px 0px 0px;\npadding:0px 0px 0px 0px;\n}\n<\/style>\n<div  class='flex_column av-av_one_third-49f6e875884219cf77c24341e550af53 av_one_third  avia-builder-el-8  el_after_av_one_third  el_before_av_one_third  flex_column_div av-zero-column-padding  '     ><p>\n<style type=\"text\/css\" data-created_by=\"avia_inline_auto\" id=\"style-css-av-kotqozsh-131d39de61170a1ac727ed0adb46f31f\">\n.avia-image-container.av-kotqozsh-131d39de61170a1ac727ed0adb46f31f img.avia_image{\nbox-shadow:none;\n}\n.avia-image-container.av-kotqozsh-131d39de61170a1ac727ed0adb46f31f .av-image-caption-overlay-center{\ncolor:#ffffff;\n}\n<\/style>\n<div  class='avia-image-container av-kotqozsh-131d39de61170a1ac727ed0adb46f31f av-styling- avia-align-center  avia-builder-el-9  el_before_av_heading  avia-builder-el-first '   itemprop=\"image\" itemscope=\"itemscope\" itemtype=\"https:\/\/schema.org\/ImageObject\" ><div class=\"avia-image-container-inner\"><div class=\"avia-image-overlay-wrap\"><a href=\"https:\/\/egarclima.com\/servicios\/frio-industrial\/\" class='avia_image' ><img decoding=\"async\" class='wp-image-376 avia-img-lazy-loading-not-376 avia_image ' src=\"https:\/\/egarclima.com\/wp-content\/uploads\/2021\/05\/refrigeracion1_378918220-495x400.jpg\" alt='' title=''  height=\"400\" width=\"495\"  itemprop=\"thumbnailUrl\"  \/><\/a><\/div><\/div><\/div><br \/>\n\n<style type=\"text\/css\" data-created_by=\"avia_inline_auto\" id=\"style-css-av-kou7i24l-3a5fbb0769e1e138a810f40062979664\">\n#top .av-special-heading.av-kou7i24l-3a5fbb0769e1e138a810f40062979664{\npadding-bottom:10px;\n}\nbody .av-special-heading.av-kou7i24l-3a5fbb0769e1e138a810f40062979664 .av-special-heading-tag .heading-char{\nfont-size:25px;\n}\n.av-special-heading.av-kou7i24l-3a5fbb0769e1e138a810f40062979664 .av-subheading{\nfont-size:15px;\n}\n<\/style>\n<div  class='av-special-heading av-kou7i24l-3a5fbb0769e1e138a810f40062979664 av-special-heading-h3 blockquote modern-quote modern-centered  avia-builder-el-10  el_after_av_image  el_before_av_textblock '><h3 class='av-special-heading-tag'  itemprop=\"headline\"  >Fred Industrial<\/h3><div class=\"special-heading-border\"><div class=\"special-heading-inner-border\"><\/div><\/div><\/div><br \/>\n<section  class='av_textblock_section av-kotqpjmc-d4c0a439a5b33cc4659f83799071e13d '   itemscope=\"itemscope\" itemtype=\"https:\/\/schema.org\/CreativeWork\" ><div class='avia_textblock'  itemprop=\"text\" ><p style=\"text-align: center;\">Especialistes a realitzar instal\u00b7lacions per a naus industrials, amb processos de producci\u00f3 que requereixin d&#8217;un sistema de refrigeraci\u00f3. Donant la millor soluci\u00f3 per a cada cas.<\/p>\n<\/div><\/section><\/p><\/div>\n\n<style type=\"text\/css\" data-created_by=\"avia_inline_auto\" id=\"style-css-av-av_one_third-79ff81c021393065cee878051452f6a6\">\n.flex_column.av-av_one_third-79ff81c021393065cee878051452f6a6{\n-webkit-border-radius:0px 0px 0px 0px;\n-moz-border-radius:0px 0px 0px 0px;\nborder-radius:0px 0px 0px 0px;\npadding:0px 0px 0px 0px;\n}\n<\/style>\n<div  class='flex_column av-av_one_third-79ff81c021393065cee878051452f6a6 av_one_third  avia-builder-el-12  el_after_av_one_third  el_before_av_one_third  first flex_column_div av-zero-column-padding  column-top-margin'     ><p>\n<style type=\"text\/css\" data-created_by=\"avia_inline_auto\" id=\"style-css-av-kotqozsh-990967fe78cadcd0e1f4f95a3e4bf082\">\n.avia-image-container.av-kotqozsh-990967fe78cadcd0e1f4f95a3e4bf082 img.avia_image{\nbox-shadow:none;\n}\n.avia-image-container.av-kotqozsh-990967fe78cadcd0e1f4f95a3e4bf082 .av-image-caption-overlay-center{\ncolor:#ffffff;\n}\n<\/style>\n<div  class='avia-image-container av-kotqozsh-990967fe78cadcd0e1f4f95a3e4bf082 av-styling- avia-align-center  avia-builder-el-13  el_before_av_heading  avia-builder-el-first '   itemprop=\"image\" itemscope=\"itemscope\" itemtype=\"https:\/\/schema.org\/ImageObject\" ><div class=\"avia-image-container-inner\"><div class=\"avia-image-overlay-wrap\"><a href=\"https:\/\/egarclima.com\/servicios\/ingenieria\/\" class='avia_image' ><img decoding=\"async\" class='wp-image-374 avia-img-lazy-loading-not-374 avia_image ' src=\"https:\/\/egarclima.com\/wp-content\/uploads\/2021\/05\/ingenieria1_330184625-495x400.jpg\" alt='' title=''  height=\"400\" width=\"495\"  itemprop=\"thumbnailUrl\"  \/><\/a><\/div><\/div><\/div><br \/>\n\n<style type=\"text\/css\" data-created_by=\"avia_inline_auto\" id=\"style-css-av-kov9drtc-1ea56dd9aacdcf954fb9fa32deac7a58\">\n#top .av-special-heading.av-kov9drtc-1ea56dd9aacdcf954fb9fa32deac7a58{\npadding-bottom:10px;\n}\nbody .av-special-heading.av-kov9drtc-1ea56dd9aacdcf954fb9fa32deac7a58 .av-special-heading-tag .heading-char{\nfont-size:25px;\n}\n.av-special-heading.av-kov9drtc-1ea56dd9aacdcf954fb9fa32deac7a58 .av-subheading{\nfont-size:15px;\n}\n<\/style>\n<div  class='av-special-heading av-kov9drtc-1ea56dd9aacdcf954fb9fa32deac7a58 av-special-heading-h3 blockquote modern-quote modern-centered  avia-builder-el-14  el_after_av_image  el_before_av_textblock '><h3 class='av-special-heading-tag'  itemprop=\"headline\"  >Enginyeria<\/h3><div class=\"special-heading-border\"><div class=\"special-heading-inner-border\"><\/div><\/div><\/div><br \/>\n<section  class='av_textblock_section av-kotqpjmc-d4c0a439a5b33cc4659f83799071e13d '   itemscope=\"itemscope\" itemtype=\"https:\/\/schema.org\/CreativeWork\" ><div class='avia_textblock'  itemprop=\"text\" ><p style=\"text-align: center;\">Egarclima disposa d&#8217;un departament d&#8217;enginyeria, que s&#8217;encarregar\u00e0 de realitzar qualsevol estudi, projecte, legalitzaci\u00f3 o adre\u00e7a d&#8217;obra. Lliurant als seus clients tota la documentaci\u00f3 necess\u00e0ria per tenir al dia, les seves instal\u00b7lacions.<\/p>\n<\/div><\/section><\/p><\/div>\n<style type=\"text\/css\" data-created_by=\"avia_inline_auto\" id=\"style-css-av-av_one_third-49f6e875884219cf77c24341e550af53\">\n.flex_column.av-av_one_third-49f6e875884219cf77c24341e550af53{\n-webkit-border-radius:0px 0px 0px 0px;\n-moz-border-radius:0px 0px 0px 0px;\nborder-radius:0px 0px 0px 0px;\npadding:0px 0px 0px 0px;\n}\n<\/style>\n<div  class='flex_column av-av_one_third-49f6e875884219cf77c24341e550af53 av_one_third  avia-builder-el-16  el_after_av_one_third  el_before_av_one_third  flex_column_div av-zero-column-padding  column-top-margin'     ><p>\n<style type=\"text\/css\" data-created_by=\"avia_inline_auto\" id=\"style-css-av-kotqozsh-8e0a8e63807439d29dad98dae17c3f0a\">\n.avia-image-container.av-kotqozsh-8e0a8e63807439d29dad98dae17c3f0a img.avia_image{\nbox-shadow:none;\n}\n.avia-image-container.av-kotqozsh-8e0a8e63807439d29dad98dae17c3f0a .av-image-caption-overlay-center{\ncolor:#ffffff;\n}\n<\/style>\n<div  class='avia-image-container av-kotqozsh-8e0a8e63807439d29dad98dae17c3f0a av-styling- avia-align-center  avia-builder-el-17  el_before_av_heading  avia-builder-el-first '   itemprop=\"image\" itemscope=\"itemscope\" itemtype=\"https:\/\/schema.org\/ImageObject\" ><div class=\"avia-image-container-inner\"><div class=\"avia-image-overlay-wrap\"><a href=\"https:\/\/egarclima.com\/servicios\/salas-blancas-y-quirofanos\/\" class='avia_image' ><img decoding=\"async\" class='wp-image-372 avia-img-lazy-loading-not-372 avia_image ' src=\"https:\/\/egarclima.com\/wp-content\/uploads\/2021\/05\/salablanca1_309486131-495x400.jpg\" alt='' title=''  height=\"400\" width=\"495\"  itemprop=\"thumbnailUrl\"  \/><\/a><\/div><\/div><\/div><br \/>\n\n<style type=\"text\/css\" data-created_by=\"avia_inline_auto\" id=\"style-css-av-kou7iiur-97f3037bdf8e721ad60aa0b411df823c\">\n#top .av-special-heading.av-kou7iiur-97f3037bdf8e721ad60aa0b411df823c{\npadding-bottom:10px;\n}\nbody .av-special-heading.av-kou7iiur-97f3037bdf8e721ad60aa0b411df823c .av-special-heading-tag .heading-char{\nfont-size:25px;\n}\n.av-special-heading.av-kou7iiur-97f3037bdf8e721ad60aa0b411df823c .av-subheading{\nfont-size:15px;\n}\n<\/style>\n<div  class='av-special-heading av-kou7iiur-97f3037bdf8e721ad60aa0b411df823c av-special-heading-h3 blockquote modern-quote modern-centered  avia-builder-el-18  el_after_av_image  el_before_av_textblock '><h3 class='av-special-heading-tag'  itemprop=\"headline\"  >Sales blanques i quir\u00f2fans<\/h3><div class=\"special-heading-border\"><div class=\"special-heading-inner-border\"><\/div><\/div><\/div><br \/>\n<section  class='av_textblock_section av-kotqpjmc-d4c0a439a5b33cc4659f83799071e13d '   itemscope=\"itemscope\" itemtype=\"https:\/\/schema.org\/CreativeWork\" ><div class='avia_textblock'  itemprop=\"text\" ><p style=\"text-align: center;\">El nostre Departament de Sales Netes, est\u00e0 creat per respondre a totes les necessitats dels nostres clients. Compost per un equip de professionals, capa\u00e7 de gestionar els m\u00e9s amplis recursos&#8230;<\/p>\n<\/div><\/section><\/p><\/div><\/p>\n\n<style type=\"text\/css\" data-created_by=\"avia_inline_auto\" id=\"style-css-av-av_one_third-49f6e875884219cf77c24341e550af53\">\n.flex_column.av-av_one_third-49f6e875884219cf77c24341e550af53{\n-webkit-border-radius:0px 0px 0px 0px;\n-moz-border-radius:0px 0px 0px 0px;\nborder-radius:0px 0px 0px 0px;\npadding:0px 0px 0px 0px;\n}\n<\/style>\n<div  class='flex_column av-av_one_third-49f6e875884219cf77c24341e550af53 av_one_third  avia-builder-el-20  el_after_av_one_third  el_before_av_one_third  flex_column_div av-zero-column-padding  column-top-margin'     ><p>\n<style type=\"text\/css\" data-created_by=\"avia_inline_auto\" id=\"style-css-av-kotqozsh-c0b055a036b0ad6cedd5b85976087f4d\">\n.avia-image-container.av-kotqozsh-c0b055a036b0ad6cedd5b85976087f4d img.avia_image{\nbox-shadow:none;\n}\n.avia-image-container.av-kotqozsh-c0b055a036b0ad6cedd5b85976087f4d .av-image-caption-overlay-center{\ncolor:#ffffff;\n}\n<\/style>\n<div  class='avia-image-container av-kotqozsh-c0b055a036b0ad6cedd5b85976087f4d av-styling- avia-align-center  avia-builder-el-21  el_before_av_heading  avia-builder-el-first '   itemprop=\"image\" itemscope=\"itemscope\" itemtype=\"https:\/\/schema.org\/ImageObject\" ><div class=\"avia-image-container-inner\"><div class=\"avia-image-overlay-wrap\"><a href=\"https:\/\/egarclima.com\/servicios\/mantenimientos\/\" class='avia_image' ><img decoding=\"async\" class='wp-image-370 avia-img-lazy-loading-not-370 avia_image ' src=\"https:\/\/egarclima.com\/wp-content\/uploads\/2021\/05\/mantenimiento1_312973130-495x400.jpg\" alt='' title=''  height=\"400\" width=\"495\"  itemprop=\"thumbnailUrl\"  \/><\/a><\/div><\/div><\/div><br \/>\n\n<style type=\"text\/css\" data-created_by=\"avia_inline_auto\" id=\"style-css-av-kou7j4zh-107dcab7614ff9b027e97e2673cacc61\">\n#top .av-special-heading.av-kou7j4zh-107dcab7614ff9b027e97e2673cacc61{\npadding-bottom:10px;\n}\nbody .av-special-heading.av-kou7j4zh-107dcab7614ff9b027e97e2673cacc61 .av-special-heading-tag .heading-char{\nfont-size:25px;\n}\n.av-special-heading.av-kou7j4zh-107dcab7614ff9b027e97e2673cacc61 .av-subheading{\nfont-size:15px;\n}\n<\/style>\n<div  class='av-special-heading av-kou7j4zh-107dcab7614ff9b027e97e2673cacc61 av-special-heading-h3 blockquote modern-quote modern-centered  avia-builder-el-22  el_after_av_image  el_before_av_textblock '><h3 class='av-special-heading-tag'  itemprop=\"headline\"  >Manteniments<\/h3><div class=\"special-heading-border\"><div class=\"special-heading-inner-border\"><\/div><\/div><\/div><br \/>\n<section  class='av_textblock_section av-kotqpjmc-d4c0a439a5b33cc4659f83799071e13d '   itemscope=\"itemscope\" itemtype=\"https:\/\/schema.org\/CreativeWork\" ><div class='avia_textblock'  itemprop=\"text\" ><p style=\"text-align: center;\">El primer objectiu del manteniment \u00e9s evitar o mitigar les conseq\u00fc\u00e8ncies de les fallades de l&#8217;equip, aconseguint prevenir les incid\u00e8ncies abans que aquestes ocorrin.<\/p>\n<\/div><\/section><\/p><\/div>\n\n<style type=\"text\/css\" data-created_by=\"avia_inline_auto\" id=\"style-css-av-av_one_third-79ff81c021393065cee878051452f6a6\">\n.flex_column.av-av_one_third-79ff81c021393065cee878051452f6a6{\n-webkit-border-radius:0px 0px 0px 0px;\n-moz-border-radius:0px 0px 0px 0px;\nborder-radius:0px 0px 0px 0px;\npadding:0px 0px 0px 0px;\n}\n<\/style>\n<div  class='flex_column av-av_one_third-79ff81c021393065cee878051452f6a6 av_one_third  avia-builder-el-24  el_after_av_one_third  el_before_av_one_third  first flex_column_div av-zero-column-padding  column-top-margin'     ><\/div>\n\n<style type=\"text\/css\" data-created_by=\"avia_inline_auto\" id=\"style-css-av-av_one_third-49f6e875884219cf77c24341e550af53\">\n.flex_column.av-av_one_third-49f6e875884219cf77c24341e550af53{\n-webkit-border-radius:0px 0px 0px 0px;\n-moz-border-radius:0px 0px 0px 0px;\nborder-radius:0px 0px 0px 0px;\npadding:0px 0px 0px 0px;\n}\n<\/style>\n<div  class='flex_column av-av_one_third-49f6e875884219cf77c24341e550af53 av_one_third  avia-builder-el-25  el_after_av_one_third  el_before_av_one_third  flex_column_div av-zero-column-padding  column-top-margin'     ><p>\n<style type=\"text\/css\" data-created_by=\"avia_inline_auto\" id=\"style-css-av-kotqozsh-d14f97ac6aad68c516d268b9a7cd48ed\">\n.avia-image-container.av-kotqozsh-d14f97ac6aad68c516d268b9a7cd48ed img.avia_image{\nbox-shadow:none;\n}\n.avia-image-container.av-kotqozsh-d14f97ac6aad68c516d268b9a7cd48ed .av-image-caption-overlay-center{\ncolor:#ffffff;\n}\n<\/style>\n<div  class='avia-image-container av-kotqozsh-d14f97ac6aad68c516d268b9a7cd48ed av-styling- avia-align-center  avia-builder-el-26  el_before_av_heading  avia-builder-el-first '   itemprop=\"image\" itemscope=\"itemscope\" itemtype=\"https:\/\/schema.org\/ImageObject\" ><div class=\"avia-image-container-inner\"><div class=\"avia-image-overlay-wrap\"><a href=\"https:\/\/egarclima.com\/servicios\/medidas-preventivas-covid-19\/\" class='avia_image' ><img decoding=\"async\" class='wp-image-392 avia-img-lazy-loading-not-392 avia_image ' src=\"https:\/\/egarclima.com\/wp-content\/uploads\/2021\/05\/virus-4937553_1280-495x400.jpg\" alt='' title=''  height=\"400\" width=\"495\"  itemprop=\"thumbnailUrl\" srcset=\"https:\/\/egarclima.com\/wp-content\/uploads\/2021\/05\/virus-4937553_1280-495x400.jpg 495w, https:\/\/egarclima.com\/wp-content\/uploads\/2021\/05\/virus-4937553_1280-845x683.jpg 845w\" sizes=\"(max-width: 495px) 100vw, 495px\" \/><\/a><\/div><\/div><\/div><br \/>\n\n<style type=\"text\/css\" data-created_by=\"avia_inline_auto\" id=\"style-css-av-kou7jf9h-01c7489c7736e01d3a214fa6f3d267f3\">\n#top .av-special-heading.av-kou7jf9h-01c7489c7736e01d3a214fa6f3d267f3{\npadding-bottom:10px;\n}\nbody .av-special-heading.av-kou7jf9h-01c7489c7736e01d3a214fa6f3d267f3 .av-special-heading-tag .heading-char{\nfont-size:25px;\n}\n.av-special-heading.av-kou7jf9h-01c7489c7736e01d3a214fa6f3d267f3 .av-subheading{\nfont-size:15px;\n}\n<\/style>\n<div  class='av-special-heading av-kou7jf9h-01c7489c7736e01d3a214fa6f3d267f3 av-special-heading-h3 blockquote modern-quote modern-centered  avia-builder-el-27  el_after_av_image  el_before_av_textblock '><h3 class='av-special-heading-tag'  itemprop=\"headline\"  >Mesures Preventives COVID-19<\/h3><div class=\"special-heading-border\"><div class=\"special-heading-inner-border\"><\/div><\/div><\/div><br \/>\n<section  class='av_textblock_section av-kotqpjmc-d4c0a439a5b33cc4659f83799071e13d '   itemscope=\"itemscope\" itemtype=\"https:\/\/schema.org\/CreativeWork\" ><div class='avia_textblock'  itemprop=\"text\" ><p style=\"text-align: center;\">1. Asseguri la ventilaci\u00f3 dels espais amb aire exterior.<\/p>\n<p style=\"text-align: center;\">2. Canvieu la ventilaci\u00f3 a velocitat nominal al menys 2 hores abans de el temps d&#8217;\u00fas de l&#8217;edifici i canvi\u00ef a velocitat m\u00e9s baixa 2 hores despr\u00e9s de el temps d&#8217;\u00fas de l&#8217;edifici<\/p>\n<\/div><\/section><\/p><\/div>\n\n<style type=\"text\/css\" data-created_by=\"avia_inline_auto\" id=\"style-css-av-av_one_third-49f6e875884219cf77c24341e550af53\">\n.flex_column.av-av_one_third-49f6e875884219cf77c24341e550af53{\n-webkit-border-radius:0px 0px 0px 0px;\n-moz-border-radius:0px 0px 0px 0px;\nborder-radius:0px 0px 0px 0px;\npadding:0px 0px 0px 0px;\n}\n<\/style>\n<div  class='flex_column av-av_one_third-49f6e875884219cf77c24341e550af53 av_one_third  avia-builder-el-29  el_after_av_one_third  el_before_av_two_third  flex_column_div av-zero-column-padding  column-top-margin'     ><div  class='avia-button-wrap av-kotpn3wm-bbbe884061bfe7ce90b74cd179dbba6b-wrap avia-button-center  avia-builder-el-30  avia-builder-el-no-sibling '><a href='https:\/\/egarclima.com\/contacto\/'  class='avia-button av-kotpn3wm-bbbe884061bfe7ce90b74cd179dbba6b avia-icon_select-no avia-size-large avia-position-center avia-color-theme-color'  ><span class='avia_iconbox_title' >Cont\u00e1ctanos<\/span><\/a><\/div><\/div>\n\n<style type=\"text\/css\" data-created_by=\"avia_inline_auto\" id=\"style-css-av-av_two_third-79ff81c021393065cee878051452f6a6\">\n.flex_column.av-av_two_third-79ff81c021393065cee878051452f6a6{\n-webkit-border-radius:0px 0px 0px 0px;\n-moz-border-radius:0px 0px 0px 0px;\nborder-radius:0px 0px 0px 0px;\npadding:0px 0px 0px 0px;\n}\n<\/style>\n<div  class='flex_column av-av_two_third-79ff81c021393065cee878051452f6a6 av_two_third  avia-builder-el-31  el_after_av_one_third  el_before_av_one_third  first flex_column_div av-zero-column-padding  column-top-margin'     ><section  class='av_textblock_section av-kotpmlez-ab2ecd27473c64db6592dd0f47b51340 '   itemscope=\"itemscope\" itemtype=\"https:\/\/schema.org\/CreativeWork\" ><div class='avia_textblock'  itemprop=\"text\" ><div class=\"call-to-action__text\">\n<div class=\"call-to-action__text\">\n<h4 class=\"call-to-action__title\">Necessites un professional que t&#8217;assessori sobre els nostres serveis?<\/h4>\n<p class=\"call-to-action__subtitle hidden-xs\">Contacta amb nosaltres i t&#8217;informarem sense comprom\u00eds.<\/p>\n<\/div>\n<\/div>\n<\/div><\/section><\/div>\n\n<style type=\"text\/css\" data-created_by=\"avia_inline_auto\" id=\"style-css-av-av_one_third-49f6e875884219cf77c24341e550af53\">\n.flex_column.av-av_one_third-49f6e875884219cf77c24341e550af53{\n-webkit-border-radius:0px 0px 0px 0px;\n-moz-border-radius:0px 0px 0px 0px;\nborder-radius:0px 0px 0px 0px;\npadding:0px 0px 0px 0px;\n}\n<\/style>\n<div  class='flex_column av-av_one_third-49f6e875884219cf77c24341e550af53 av_one_third  avia-builder-el-33  el_after_av_two_third  avia-builder-el-last  flex_column_div av-zero-column-padding  column-top-margin'     ><div  class='avia-button-wrap av-kotpn3wm-15bb0b28384935f800c154b859cb395a-wrap avia-button-center  avia-builder-el-34  avia-builder-el-no-sibling '><a href='https:\/\/egarclima.com\/ca\/contacte\/'  class='avia-button av-kotpn3wm-15bb0b28384935f800c154b859cb395a avia-icon_select-no avia-size-large avia-position-center avia-color-theme-color'  ><span class='avia_iconbox_title' >Contacta\u2019ns<\/span><\/a><\/div><\/div>\n","protected":false},"excerpt":{"rendered":"","protected":false},"author":1,"featured_media":0,"parent":0,"menu_order":200,"comment_status":"closed","ping_status":"closed","template":"","meta":[],"yoast_head":"<!-- This site is optimized with the Yoast SEO plugin v20.9 - https:\/\/yoast.com\/wordpress\/plugins\/seo\/ -->\n<title>Serveis - EGARCLIMA<\/title>\n<meta name=\"description\" content=\"Egarclima, experts en Climatitzaci\u00f3, Ventilaci\u00f3, enginyeria, Sales Blanques, Frio Industrial i Manteniments\" \/>\n<meta name=\"robots\" content=\"index, follow, max-snippet:-1, max-image-preview:large, max-video-preview:-1\" \/>\n<link rel=\"canonical\" href=\"https:\/\/egarclima.com\/ca\/serveis\/\" \/>\n<meta name=\"twitter:label1\" content=\"Temps estimat de lectura\" \/>\n\t<meta name=\"twitter:data1\" content=\"14 minuts\" \/>\n<script type=\"application\/ld+json\" class=\"yoast-schema-graph\">{\"@context\":\"https:\/\/schema.org\",\"@graph\":[{\"@type\":\"WebPage\",\"@id\":\"https:\/\/egarclima.com\/ca\/serveis\/\",\"url\":\"https:\/\/egarclima.com\/ca\/serveis\/\",\"name\":\"Serveis - EGARCLIMA\",\"isPartOf\":{\"@id\":\"https:\/\/egarclima.com\/#website\"},\"datePublished\":\"2021-05-18T07:02:58+00:00\",\"dateModified\":\"2021-05-19T09:24:37+00:00\",\"description\":\"Egarclima, experts en Climatitzaci\u00f3, Ventilaci\u00f3, enginyeria, Sales Blanques, Frio Industrial i Manteniments\",\"breadcrumb\":{\"@id\":\"https:\/\/egarclima.com\/ca\/serveis\/#breadcrumb\"},\"inLanguage\":\"ca\",\"potentialAction\":[{\"@type\":\"ReadAction\",\"target\":[\"https:\/\/egarclima.com\/ca\/serveis\/\"]}]},{\"@type\":\"BreadcrumbList\",\"@id\":\"https:\/\/egarclima.com\/ca\/serveis\/#breadcrumb\",\"itemListElement\":[{\"@type\":\"ListItem\",\"position\":1,\"name\":\"Portada\",\"item\":\"https:\/\/egarclima.com\/ca\/\"},{\"@type\":\"ListItem\",\"position\":2,\"name\":\"Serveis\"}]},{\"@type\":\"WebSite\",\"@id\":\"https:\/\/egarclima.com\/#website\",\"url\":\"https:\/\/egarclima.com\/\",\"name\":\"EGARCLIMA\",\"description\":\"EGARCLIMA\",\"potentialAction\":[{\"@type\":\"SearchAction\",\"target\":{\"@type\":\"EntryPoint\",\"urlTemplate\":\"https:\/\/egarclima.com\/?s={search_term_string}\"},\"query-input\":\"required name=search_term_string\"}],\"inLanguage\":\"ca\"}]}<\/script>\n<!-- \/ Yoast SEO plugin. -->","yoast_head_json":{"title":"Serveis - EGARCLIMA","description":"Egarclima, experts en Climatitzaci\u00f3, Ventilaci\u00f3, enginyeria, Sales Blanques, Frio Industrial i Manteniments","robots":{"index":"index","follow":"follow","max-snippet":"max-snippet:-1","max-image-preview":"max-image-preview:large","max-video-preview":"max-video-preview:-1"},"canonical":"https:\/\/egarclima.com\/ca\/serveis\/","twitter_misc":{"Temps estimat de lectura":"14 minuts"},"schema":{"@context":"https:\/\/schema.org","@graph":[{"@type":"WebPage","@id":"https:\/\/egarclima.com\/ca\/serveis\/","url":"https:\/\/egarclima.com\/ca\/serveis\/","name":"Serveis - EGARCLIMA","isPartOf":{"@id":"https:\/\/egarclima.com\/#website"},"datePublished":"2021-05-18T07:02:58+00:00","dateModified":"2021-05-19T09:24:37+00:00","description":"Egarclima, experts en Climatitzaci\u00f3, Ventilaci\u00f3, enginyeria, Sales Blanques, Frio Industrial i Manteniments","breadcrumb":{"@id":"https:\/\/egarclima.com\/ca\/serveis\/#breadcrumb"},"inLanguage":"ca","potentialAction":[{"@type":"ReadAction","target":["https:\/\/egarclima.com\/ca\/serveis\/"]}]},{"@type":"BreadcrumbList","@id":"https:\/\/egarclima.com\/ca\/serveis\/#breadcrumb","itemListElement":[{"@type":"ListItem","position":1,"name":"Portada","item":"https:\/\/egarclima.com\/ca\/"},{"@type":"ListItem","position":2,"name":"Serveis"}]},{"@type":"WebSite","@id":"https:\/\/egarclima.com\/#website","url":"https:\/\/egarclima.com\/","name":"EGARCLIMA","description":"EGARCLIMA","potentialAction":[{"@type":"SearchAction","target":{"@type":"EntryPoint","urlTemplate":"https:\/\/egarclima.com\/?s={search_term_string}"},"query-input":"required name=search_term_string"}],"inLanguage":"ca"}]}},"_links":{"self":[{"href":"https:\/\/egarclima.com\/ca\/wp-json\/wp\/v2\/pages\/386"}],"collection":[{"href":"https:\/\/egarclima.com\/ca\/wp-json\/wp\/v2\/pages"}],"about":[{"href":"https:\/\/egarclima.com\/ca\/wp-json\/wp\/v2\/types\/page"}],"author":[{"embeddable":true,"href":"https:\/\/egarclima.com\/ca\/wp-json\/wp\/v2\/users\/1"}],"replies":[{"embeddable":true,"href":"https:\/\/egarclima.com\/ca\/wp-json\/wp\/v2\/comments?post=386"}],"version-history":[{"count":5,"href":"https:\/\/egarclima.com\/ca\/wp-json\/wp\/v2\/pages\/386\/revisions"}],"predecessor-version":[{"id":525,"href":"https:\/\/egarclima.com\/ca\/wp-json\/wp\/v2\/pages\/386\/revisions\/525"}],"wp:attachment":[{"href":"https:\/\/egarclima.com\/ca\/wp-json\/wp\/v2\/media?parent=386"}],"curies":[{"name":"wp","href":"https:\/\/api.w.org\/{rel}","templated":true}]}}